{"id":122,"date":"2019-05-23T11:13:24","date_gmt":"2019-05-23T11:13:24","guid":{"rendered":"http:\/\/fundacioncomercio.es\/i3com\/?page_id=122"},"modified":"2021-05-04T16:25:50","modified_gmt":"2021-05-04T16:25:50","slug":"alerta-tecnologica","status":"publish","type":"page","link":"https:\/\/fundacioncomercio.es\/i3com\/index.php\/alerta-tecnologica","title":{"rendered":"Alerta tecnol\u00f3gica"},"content":{"rendered":"\t\t<div data-elementor-type=\"wp-post\" data-elementor-id=\"122\" class=\"elementor elementor-122\">\n\t\t\t\t\t\t<section class=\"elementor-section elementor-top-section elementor-element elementor-element-9a75d53 elementor-section-boxed elementor-section-height-default elementor-section-height-default\" data-id=\"9a75d53\" data-element_type=\"section\">\n\t\t\t\t\t\t<div class=\"elementor-container elementor-column-gap-default\">\n\t\t\t\t\t<div class=\"elementor-column elementor-col-100 elementor-top-column elementor-element elementor-element-f9b9da4\" data-id=\"f9b9da4\" data-element_type=\"column\">\n\t\t\t<div class=\"elementor-widget-wrap elementor-element-populated\">\n\t\t\t\t\t\t<div class=\"elementor-element elementor-element-4d49fe5 elementor-widget elementor-widget-text-editor\" data-id=\"4d49fe5\" data-element_type=\"widget\" data-widget_type=\"text-editor.default\">\n\t\t\t\t<div class=\"elementor-widget-container\">\n\t\t\t\t\t\t\t\t\t<h2><strong><span style=\"color: #000000;\">Alertas Tecnol\u00f3gicas<\/span> <span style=\"color: #c41111;\">i3com<\/span><\/strong><\/h2>\t\t\t\t\t\t\t\t<\/div>\n\t\t\t\t<\/div>\n\t\t\t\t\t<\/div>\n\t\t<\/div>\n\t\t\t\t\t<\/div>\n\t\t<\/section>\n\t\t\t\t<section class=\"elementor-section elementor-top-section elementor-element elementor-element-ec0886f elementor-section-boxed elementor-section-height-default elementor-section-height-default\" data-id=\"ec0886f\" data-element_type=\"section\">\n\t\t\t\t\t\t<div class=\"elementor-container elementor-column-gap-default\">\n\t\t\t\t\t<div class=\"elementor-column elementor-col-100 elementor-top-column elementor-element elementor-element-3641252\" data-id=\"3641252\" data-element_type=\"column\">\n\t\t\t<div class=\"elementor-widget-wrap elementor-element-populated\">\n\t\t\t\t\t\t<div class=\"elementor-element elementor-element-1a64318 elementor-widget elementor-widget-text-editor\" data-id=\"1a64318\" data-element_type=\"widget\" data-widget_type=\"text-editor.default\">\n\t\t\t\t<div class=\"elementor-widget-container\">\n\t\t\t\t\t\t\t\t\t<p><span class=\"arial_corporativo_tex09pt_B\"><span style=\"color: #c41111;\">27 \/ 05 \/ 2015<\/span> <\/span><span class=\"arial_gris_tex09pt\"><span class=\"arial_gris_tex11pt_B\"><br \/><span style=\"color: #000000;\"><strong>Tarjetas de presentaci\u00f3n como una herramienta de marketing <\/strong><span style=\"text-decoration: underline;\"><a href=\"http:\/\/mundoejecutivo.com.mx\/management\/2015\/05\/27\/tarjetas-presentacion-como-herramienta-marketing\" target=\"_blank\" rel=\"noopener\"><span style=\"color: #c41111; text-decoration: underline;\">&#8230;seguir la noticia<\/span><\/a><\/span><\/span><\/span><\/span><\/p><p><span class=\"arial_gris_tex09pt\"><span class=\"arial_gris_tex11pt_B\"><span style=\"color: #c41111;\"><span class=\"arial_corporativo_tex09pt_B\">08 \/ 04 \/ 2015 <\/span><\/span><strong><span style=\"color: #000000;\"><br \/>Los programas de fidelizaci\u00f3n no evolucionan con la era digital<\/span><\/strong>\u00a0<\/span><a href=\"https:\/\/www.financialfood.es\/default.aspx?where=5&amp;id=1&amp;n=18553\" target=\"_blank\" rel=\"noopener\"><span style=\"text-decoration: underline; color: #c41111;\">&#8230;seguir la noticia<\/span><\/a><\/span><\/p><p><span class=\"arial_corporativo_tex09pt_B\" style=\"color: #c41111;\">04 \/ 05 \/ 2015 <\/span><span class=\"arial_gris_tex09pt\"><span class=\"arial_gris_tex11pt_B\"><br \/><strong><span style=\"color: #000000;\">Geolocalizaci\u00f3n en los dispositivos m\u00f3viles: pros, contras y por qu\u00e9 modularla<\/span><\/strong>\u00a0<\/span><a href=\"https:\/\/www.20minutos.es\/noticia\/2395692\/0\/geolocalizacion\/ventajas-aplicaciones\/riesgo-privacidad\/\" target=\"_blank\" rel=\"noopener\"><span style=\"text-decoration: underline;\"><span style=\"color: #c41111; text-decoration: underline;\">&#8230;seguir la noticia <\/span><\/span><\/a><\/span><\/p><p><span class=\"arial_corporativo_tex09pt_B\" style=\"color: #c41111;\">25 \/ 03 \/ 2015 <\/span><span class=\"arial_gris_tex09pt\"><span class=\"arial_gris_tex11pt_B\"><br \/><span style=\"color: #000000;\"><strong>Facebook conecta Messenger al comercio electr\u00f3nico<\/strong><\/span>\u00a0<\/span><a href=\"https:\/\/cincodias.elpais.com\/cincodias\/2015\/03\/25\/tecnologia\/1427315240_478221.html\" target=\"_blank\" rel=\"noopener\"><span style=\"text-decoration: underline; color: #c41111;\">&#8230;seguir la noticia<\/span><\/a><\/span><\/p><p><span class=\"arial_corporativo_tex09pt_B\" style=\"color: #c41111;\">05 \/ 03 \/ 2015 <\/span><span class=\"arial_gris_tex09pt\"><span class=\"arial_gris_tex11pt_B\"><br \/><strong><span style=\"color: #000000;\">\u2018Smartphones\u2019 ser\u00edan clave del comercio electr\u00f3nico en 2015<\/span><\/strong>\u00a0<\/span><span style=\"text-decoration: underline;\"><span style=\"color: #c41111;\"><a style=\"color: #c41111; text-decoration: underline;\" href=\"https:\/\/www.portafolio.co\/negocios\/empresas\/smartphones-serian-clave-comercio-electronico-2015-36736\" target=\"_blank\" rel=\"noopener\">&#8230;seguir la noticia<\/a><\/span><\/span><\/span><\/p>\t\t\t\t\t\t\t\t<\/div>\n\t\t\t\t<\/div>\n\t\t\t\t<div class=\"elementor-element elementor-element-9c12cac elementor-widget elementor-widget-spacer\" data-id=\"9c12cac\" data-element_type=\"widget\" data-widget_type=\"spacer.default\">\n\t\t\t\t<div class=\"elementor-widget-container\">\n\t\t\t\t\t\t\t<div class=\"elementor-spacer\">\n\t\t\t<div class=\"elementor-spacer-inner\"><\/div>\n\t\t<\/div>\n\t\t\t\t\t\t<\/div>\n\t\t\t\t<\/div>\n\t\t\t\t\t<\/div>\n\t\t<\/div>\n\t\t\t\t\t<\/div>\n\t\t<\/section>\n\t\t\t\t<section class=\"elementor-section elementor-top-section elementor-element elementor-element-032993d elementor-section-stretched elementor-section-boxed elementor-section-height-default elementor-section-height-default\" data-id=\"032993d\" data-element_type=\"section\" data-settings=\"{&quot;stretch_section&quot;:&quot;section-stretched&quot;}\">\n\t\t\t\t\t\t<div class=\"elementor-container elementor-column-gap-default\">\n\t\t\t\t\t<div class=\"elementor-column elementor-col-33 elementor-top-column elementor-element elementor-element-4a562ab\" data-id=\"4a562ab\" data-element_type=\"column\">\n\t\t\t<div class=\"elementor-widget-wrap elementor-element-populated\">\n\t\t\t\t\t\t<div class=\"elementor-element elementor-element-7624ee7 elementor-widget-divider--view-line elementor-widget elementor-widget-divider\" data-id=\"7624ee7\" data-element_type=\"widget\" data-widget_type=\"divider.default\">\n\t\t\t\t<div class=\"elementor-widget-container\">\n\t\t\t\t\t\t\t<div class=\"elementor-divider\">\n\t\t\t<span class=\"elementor-divider-separator\">\n\t\t\t\t\t\t<\/span>\n\t\t<\/div>\n\t\t\t\t\t\t<\/div>\n\t\t\t\t<\/div>\n\t\t\t\t<div class=\"elementor-element elementor-element-d67eb9d elementor-widget elementor-widget-text-editor\" data-id=\"d67eb9d\" data-element_type=\"widget\" data-widget_type=\"text-editor.default\">\n\t\t\t\t<div class=\"elementor-widget-container\">\n\t\t\t\t\t\t\t\t\t<p>Avda. de Castilla y Le\u00f3n, 22<br \/>c.c. Camino de la Plata<br \/>09006 Burgos<br \/>Tel. 947 237 699<\/p>\t\t\t\t\t\t\t\t<\/div>\n\t\t\t\t<\/div>\n\t\t\t\t\t<\/div>\n\t\t<\/div>\n\t\t\t\t<div class=\"elementor-column elementor-col-66 elementor-top-column elementor-element elementor-element-e54c2c8\" data-id=\"e54c2c8\" data-element_type=\"column\" data-settings=\"{&quot;background_background&quot;:&quot;classic&quot;}\">\n\t\t\t<div class=\"elementor-widget-wrap elementor-element-populated\">\n\t\t\t\t\t\t<div class=\"elementor-element elementor-element-408afee elementor-widget-divider--view-line elementor-widget elementor-widget-divider\" data-id=\"408afee\" data-element_type=\"widget\" data-widget_type=\"divider.default\">\n\t\t\t\t<div class=\"elementor-widget-container\">\n\t\t\t\t\t\t\t<div class=\"elementor-divider\">\n\t\t\t<span class=\"elementor-divider-separator\">\n\t\t\t\t\t\t<\/span>\n\t\t<\/div>\n\t\t\t\t\t\t<\/div>\n\t\t\t\t<\/div>\n\t\t\t\t<div class=\"elementor-element elementor-element-53c161e elementor-widget elementor-widget-text-editor\" data-id=\"53c161e\" data-element_type=\"widget\" data-widget_type=\"text-editor.default\">\n\t\t\t\t<div class=\"elementor-widget-container\">\n\t\t\t\t\t\t\t\t\t<p style=\"text-align: right;\"><span class=\"arial_gris_tex08pt_B\" style=\"color: #000000;\">i3com<\/span><span class=\"arial_grisclaro_tex08pt_B\"> Centro de Investigaci\u00f3n, Innovaci\u00f3n e Informaci\u00f3n Comercial \u00a9 2010 | \u00a0|\u00a0<a href=\"http:\/\/fundacioncomercio.es\/i3com\/index.php\/privacy-policy\" target=\"_blank\" rel=\"noopener\">aviso legal<\/a> |\u00a0<\/span><\/p>\t\t\t\t\t\t\t\t<\/div>\n\t\t\t\t<\/div>\n\t\t\t\t\t<\/div>\n\t\t<\/div>\n\t\t\t\t\t<\/div>\n\t\t<\/section>\n\t\t\t\t<\/div>\n\t\t","protected":false},"excerpt":{"rendered":"<p>Alertas Tecnol\u00f3gicas i3com 27 \/ 05 \/ 2015 Tarjetas de presentaci\u00f3n como una herramienta de marketing &#8230;seguir la noticia 08<\/p>\n","protected":false},"author":1,"featured_media":0,"parent":0,"menu_order":0,"comment_status":"closed","ping_status":"closed","template":"","meta":{"footnotes":""},"yoast_head":"<!-- This site is optimized with the Yoast SEO plugin v24.5 - https:\/\/yoast.com\/wordpress\/plugins\/seo\/ -->\r\n<title>Alerta tecnol\u00f3gica - i3com<\/title>\r\n<meta name=\"robots\" content=\"index, follow, max-snippet:-1, max-image-preview:large, max-video-preview:-1\" \/>\r\n<link rel=\"canonical\" href=\"https:\/\/fundacioncomercio.es\/i3com\/index.php\/alerta-tecnologica\" \/>\r\n<meta property=\"og:locale\" content=\"es_ES\" \/>\r\n<meta property=\"og:type\" content=\"article\" \/>\r\n<meta property=\"og:title\" content=\"Alerta tecnol\u00f3gica - i3com\" \/>\r\n<meta property=\"og:description\" content=\"Alertas Tecnol\u00f3gicas i3com 27 \/ 05 \/ 2015 Tarjetas de presentaci\u00f3n como una herramienta de marketing &#8230;seguir la noticia 08\" \/>\r\n<meta property=\"og:url\" content=\"https:\/\/fundacioncomercio.es\/i3com\/index.php\/alerta-tecnologica\" \/>\r\n<meta property=\"og:site_name\" content=\"i3com\" \/>\r\n<meta property=\"article:modified_time\" content=\"2021-05-04T16:25:50+00:00\" \/>\r\n<meta name=\"twitter:card\" content=\"summary_large_image\" \/>\r\n<meta name=\"twitter:label1\" content=\"Tiempo de lectura\" \/>\n\t<meta name=\"twitter:data1\" content=\"1 minuto\" \/>\r\n<script type=\"application\/ld+json\" class=\"yoast-schema-graph\">{\"@context\":\"https:\/\/schema.org\",\"@graph\":[{\"@type\":\"WebPage\",\"@id\":\"https:\/\/fundacioncomercio.es\/i3com\/index.php\/alerta-tecnologica\",\"url\":\"https:\/\/fundacioncomercio.es\/i3com\/index.php\/alerta-tecnologica\",\"name\":\"Alerta tecnol\u00f3gica - i3com\",\"isPartOf\":{\"@id\":\"https:\/\/fundacioncomercio.es\/i3com\/#website\"},\"datePublished\":\"2019-05-23T11:13:24+00:00\",\"dateModified\":\"2021-05-04T16:25:50+00:00\",\"breadcrumb\":{\"@id\":\"https:\/\/fundacioncomercio.es\/i3com\/index.php\/alerta-tecnologica#breadcrumb\"},\"inLanguage\":\"es\",\"potentialAction\":[{\"@type\":\"ReadAction\",\"target\":[\"https:\/\/fundacioncomercio.es\/i3com\/index.php\/alerta-tecnologica\"]}]},{\"@type\":\"BreadcrumbList\",\"@id\":\"https:\/\/fundacioncomercio.es\/i3com\/index.php\/alerta-tecnologica#breadcrumb\",\"itemListElement\":[{\"@type\":\"ListItem\",\"position\":1,\"name\":\"Portada\",\"item\":\"https:\/\/fundacioncomercio.es\/i3com\"},{\"@type\":\"ListItem\",\"position\":2,\"name\":\"Alerta tecnol\u00f3gica\"}]},{\"@type\":\"WebSite\",\"@id\":\"https:\/\/fundacioncomercio.es\/i3com\/#website\",\"url\":\"https:\/\/fundacioncomercio.es\/i3com\/\",\"name\":\"i3com\",\"description\":\"\",\"publisher\":{\"@id\":\"https:\/\/fundacioncomercio.es\/i3com\/#organization\"},\"potentialAction\":[{\"@type\":\"SearchAction\",\"target\":{\"@type\":\"EntryPoint\",\"urlTemplate\":\"https:\/\/fundacioncomercio.es\/i3com\/?s={search_term_string}\"},\"query-input\":{\"@type\":\"PropertyValueSpecification\",\"valueRequired\":true,\"valueName\":\"search_term_string\"}}],\"inLanguage\":\"es\"},{\"@type\":\"Organization\",\"@id\":\"https:\/\/fundacioncomercio.es\/i3com\/#organization\",\"name\":\"i3com\",\"url\":\"https:\/\/fundacioncomercio.es\/i3com\/\",\"logo\":{\"@type\":\"ImageObject\",\"inLanguage\":\"es\",\"@id\":\"https:\/\/fundacioncomercio.es\/i3com\/#\/schema\/logo\/image\/\",\"url\":\"https:\/\/fundacioncomercio.es\/i3com\/wp-content\/uploads\/2019\/05\/cropped-logoi3paraWp-1.png\",\"contentUrl\":\"https:\/\/fundacioncomercio.es\/i3com\/wp-content\/uploads\/2019\/05\/cropped-logoi3paraWp-1.png\",\"width\":8510,\"height\":1169,\"caption\":\"i3com\"},\"image\":{\"@id\":\"https:\/\/fundacioncomercio.es\/i3com\/#\/schema\/logo\/image\/\"}}]}<\/script>\r\n<!-- \/ Yoast SEO plugin. -->","yoast_head_json":{"title":"Alerta tecnol\u00f3gica - i3com","robots":{"index":"index","follow":"follow","max-snippet":"max-snippet:-1","max-image-preview":"max-image-preview:large","max-video-preview":"max-video-preview:-1"},"canonical":"https:\/\/fundacioncomercio.es\/i3com\/index.php\/alerta-tecnologica","og_locale":"es_ES","og_type":"article","og_title":"Alerta tecnol\u00f3gica - i3com","og_description":"Alertas Tecnol\u00f3gicas i3com 27 \/ 05 \/ 2015 Tarjetas de presentaci\u00f3n como una herramienta de marketing &#8230;seguir la noticia 08","og_url":"https:\/\/fundacioncomercio.es\/i3com\/index.php\/alerta-tecnologica","og_site_name":"i3com","article_modified_time":"2021-05-04T16:25:50+00:00","twitter_card":"summary_large_image","twitter_misc":{"Tiempo de lectura":"1 minuto"},"schema":{"@context":"https:\/\/schema.org","@graph":[{"@type":"WebPage","@id":"https:\/\/fundacioncomercio.es\/i3com\/index.php\/alerta-tecnologica","url":"https:\/\/fundacioncomercio.es\/i3com\/index.php\/alerta-tecnologica","name":"Alerta tecnol\u00f3gica - i3com","isPartOf":{"@id":"https:\/\/fundacioncomercio.es\/i3com\/#website"},"datePublished":"2019-05-23T11:13:24+00:00","dateModified":"2021-05-04T16:25:50+00:00","breadcrumb":{"@id":"https:\/\/fundacioncomercio.es\/i3com\/index.php\/alerta-tecnologica#breadcrumb"},"inLanguage":"es","potentialAction":[{"@type":"ReadAction","target":["https:\/\/fundacioncomercio.es\/i3com\/index.php\/alerta-tecnologica"]}]},{"@type":"BreadcrumbList","@id":"https:\/\/fundacioncomercio.es\/i3com\/index.php\/alerta-tecnologica#breadcrumb","itemListElement":[{"@type":"ListItem","position":1,"name":"Portada","item":"https:\/\/fundacioncomercio.es\/i3com"},{"@type":"ListItem","position":2,"name":"Alerta tecnol\u00f3gica"}]},{"@type":"WebSite","@id":"https:\/\/fundacioncomercio.es\/i3com\/#website","url":"https:\/\/fundacioncomercio.es\/i3com\/","name":"i3com","description":"","publisher":{"@id":"https:\/\/fundacioncomercio.es\/i3com\/#organization"},"potentialAction":[{"@type":"SearchAction","target":{"@type":"EntryPoint","urlTemplate":"https:\/\/fundacioncomercio.es\/i3com\/?s={search_term_string}"},"query-input":{"@type":"PropertyValueSpecification","valueRequired":true,"valueName":"search_term_string"}}],"inLanguage":"es"},{"@type":"Organization","@id":"https:\/\/fundacioncomercio.es\/i3com\/#organization","name":"i3com","url":"https:\/\/fundacioncomercio.es\/i3com\/","logo":{"@type":"ImageObject","inLanguage":"es","@id":"https:\/\/fundacioncomercio.es\/i3com\/#\/schema\/logo\/image\/","url":"https:\/\/fundacioncomercio.es\/i3com\/wp-content\/uploads\/2019\/05\/cropped-logoi3paraWp-1.png","contentUrl":"https:\/\/fundacioncomercio.es\/i3com\/wp-content\/uploads\/2019\/05\/cropped-logoi3paraWp-1.png","width":8510,"height":1169,"caption":"i3com"},"image":{"@id":"https:\/\/fundacioncomercio.es\/i3com\/#\/schema\/logo\/image\/"}}]}},"_links":{"self":[{"href":"https:\/\/fundacioncomercio.es\/i3com\/index.php\/wp-json\/wp\/v2\/pages\/122"}],"collection":[{"href":"https:\/\/fundacioncomercio.es\/i3com\/index.php\/wp-json\/wp\/v2\/pages"}],"about":[{"href":"https:\/\/fundacioncomercio.es\/i3com\/index.php\/wp-json\/wp\/v2\/types\/page"}],"author":[{"embeddable":true,"href":"https:\/\/fundacioncomercio.es\/i3com\/index.php\/wp-json\/wp\/v2\/users\/1"}],"replies":[{"embeddable":true,"href":"https:\/\/fundacioncomercio.es\/i3com\/index.php\/wp-json\/wp\/v2\/comments?post=122"}],"version-history":[{"count":22,"href":"https:\/\/fundacioncomercio.es\/i3com\/index.php\/wp-json\/wp\/v2\/pages\/122\/revisions"}],"predecessor-version":[{"id":205,"href":"https:\/\/fundacioncomercio.es\/i3com\/index.php\/wp-json\/wp\/v2\/pages\/122\/revisions\/205"}],"wp:attachment":[{"href":"https:\/\/fundacioncomercio.es\/i3com\/index.php\/wp-json\/wp\/v2\/media?parent=122"}],"curies":[{"name":"wp","href":"https:\/\/api.w.org\/{rel}","templated":true}]}}