{"id":3,"date":"2019-05-21T15:48:52","date_gmt":"2019-05-21T15:48:52","guid":{"rendered":"http:\/\/fundacioncomercio.es\/i3com\/?page_id=3"},"modified":"2021-05-04T16:27:09","modified_gmt":"2021-05-04T16:27:09","slug":"privacy-policy","status":"publish","type":"page","link":"https:\/\/fundacioncomercio.es\/i3com\/index.php\/privacy-policy","title":{"rendered":"Aviso legal"},"content":{"rendered":"\t\t<div data-elementor-type=\"wp-post\" data-elementor-id=\"3\" class=\"elementor elementor-3\">\n\t\t\t\t\t\t<section class=\"elementor-section elementor-top-section elementor-element elementor-element-d136f3d elementor-section-boxed elementor-section-height-default elementor-section-height-default\" data-id=\"d136f3d\" data-element_type=\"section\">\n\t\t\t\t\t\t<div class=\"elementor-container elementor-column-gap-default\">\n\t\t\t\t\t<div class=\"elementor-column elementor-col-100 elementor-top-column elementor-element elementor-element-df2d96e\" data-id=\"df2d96e\" data-element_type=\"column\">\n\t\t\t<div class=\"elementor-widget-wrap elementor-element-populated\">\n\t\t\t\t\t\t<div class=\"elementor-element elementor-element-def14da elementor-widget elementor-widget-text-editor\" data-id=\"def14da\" data-element_type=\"widget\" data-widget_type=\"text-editor.default\">\n\t\t\t\t<div class=\"elementor-widget-container\">\n\t\t\t\t\t\t\t\t\t<h2><strong><span style=\"color: #000000;\">Aviso legal<\/span><span style=\"color: #c41111;\"> i3com<\/span><\/strong><\/h2>\n<p><span class=\"arial_gris_tex09pt\"><span class=\"arial_gris_tex08pt_B\">De acuerdo a lo establecido en la Ley Org\u00e1nica 15\/1999 de 13 de diciembre, de Protecci\u00f3n de Datos de Car\u00e1cter Personal, y dem\u00e1s legislaci\u00f3n aplicable.\u00a0<br \/>Federaci\u00f3n de Comercio de Burgos, titular del web site \u00abwww.i3com.es\u00bb es el titular de la base de datos generada con los datos de car\u00e1cter personal suministrados por los usuarios.<\/span><\/span><\/p>\n<p class=\"arial_gris_tex08pt_B\">La informaci\u00f3n personal recabada de los usuarios registrados es almacenada en bases de datos propiedad de Federaci\u00f3n de Comercio de Burgos, que asume las medidas de \u00edndole t\u00e9cnica, organizativa y de seguridad que garanticen la confidencialidad e integridad de la informaci\u00f3n de acuerdo con lo establecido en la Ley Org\u00e1nica 15\/1999 de 13 de diciembre, de Protecci\u00f3n de Datos de Car\u00e1cter Personal, y dem\u00e1s legislaci\u00f3n aplicable. Asimismo, La Federaci\u00f3n de Comercio de Burgos garantiza la confidencialidad de los Datos Personales. Ello no obstante, La Federaci\u00f3n de Comercio de Burgos revelar\u00e1 a las autoridades p\u00fablicas competentes los Datos Personales y cualquier otra informaci\u00f3n que est\u00e9 en su poder o sea accesible a trav\u00e9s de sus sistemas y sea requerida de conformidad con las disposiciones legales y reglamentarias aplicables al caso.<\/p>\n<p class=\"arial_gris_tex08pt_B\">La Federaci\u00f3n de Comercio de Burgos requiere que los usuarios, para acceder a y\/o utilizar algunos de los Servicios, proporcionen previamente a La Federaci\u00f3n de Comercio de Burgos ciertos datos de car\u00e1cter personal (en adelante, los \u00abDatos Personales\u00bb), que ser\u00e1n tratados e incorporados a un fichero automatizado, que en su caso estar\u00e1 registrado o dado de alta ante la autoridad competente, con las finalidades que en cada caso correspondan. Todas estas circunstancias ser\u00e1n previa y debidamente advertidas por La Federaci\u00f3n de Comercio de Burgos a los Usuarios, en los casos y en la forma en que ello resulta legalmente exigible.<\/p>\n<p class=\"arial_gris_tex08pt_B\">El usuario autoriza el tratamiento automatizado de los datos personales que voluntariamente ha suministrado, para el acceso a alguno de los servicios del web site (foros, RESERVAS, concursos, &#8230;) , y que son necesarios para la prestaci\u00f3n de dichos servicios, as\u00ed como para la oferta y contrataci\u00f3n de otros productos y servicios de La Federaci\u00f3n de Comercio de Burgos. Los Datos Personales recogidos ser\u00e1n incorporados a los correspondientes ficheros titularidad de La Federaci\u00f3n de Comercio de Burgos.<\/p>\n<p class=\"arial_gris_tex08pt_B\">El usuario responder\u00e1, en cualquier caso, de la veracidad, exactitud, vigencia y autenticidad de los Datos Personales facilitados, reserv\u00e1ndose La Federaci\u00f3n de Comercio de Burgos el derecho a excluir de los servicios registrados a todo usuario que haya facilitado datos falsos, sin prejuicio de las dem\u00e1s acciones que procedan en Derecho.<\/p>\n<p class=\"arial_gris_tex08pt_B\">Cualquier usuario registrado puede en cualquier momento ejercer el derecho a acceder, rectificar y, en su caso, cancelar sus datos de car\u00e1cter personal suministrados mediante comunicaci\u00f3n escrita dirigida a La Federaci\u00f3n de Comercio de Burgos.<\/p>\n<p class=\"arial_gris_tex08pt_B\"><span class=\"arial_corporativo_tex08pt_B\" style=\"color: #c41111;\">Navegaci\u00f3n an\u00f3nima a trav\u00e9s de las p\u00e1ginas web.<\/span><\/p>\n<p class=\"arial_gris_tex08pt_B\">La Federaci\u00f3n de Comercio de Burgos, sociedad titular del web site \u00abwww.i3com.es\u00bb s\u00f3lo obtiene y conserva la siguiente informaci\u00f3n acerca de los visitantes de nuestro web:\u00a0<br \/>El nombre de dominio del proveedor (ISP) y\/o direcci\u00f3n IP que les da acceso a la red. Por ejemplo, un usuario del proveedor XXX s\u00f3lo estar\u00e1 identificado con el dominio xxx.es y\/o la direcci\u00f3n IP. De esta manera podemos elaborar estad\u00edsticas sobre los pa\u00edses y servidores que visitan m\u00e1s a menudo nuestro web.\u00a0<br \/>La fecha y hora de acceso a nuestro web. Ello nos permite averiguar las horas de m\u00e1s afluencia, y hacer los ajustes precisos para evitar problemas de saturaci\u00f3n en nuestras horas punta.\u00a0<br \/>La direcci\u00f3n de internet desde la que parti\u00f3 el link que dirige a nuestro web. Gracias a este dato, podemos conocer la efectividad de los distintos banners y enlaces que apuntan a nuestro servidor, con el fin de potenciar los que ofrezcan mejores resultados.\u00a0<br \/>La informaci\u00f3n obtenida es totalmente an\u00f3nima, y en ning\u00fan caso puede ser asociada a un usuario concreto e identificado.<\/p>\n<p class=\"arial_gris_tex08pt_B\"><br \/><span style=\"color: #c41111;\"><strong><span class=\"arial_corporativo_tex08pt_B\">Pol\u00edtica de Protecci\u00f3n de Datos.<\/span><\/strong><\/span><\/p>\n<p class=\"arial_gris_tex08pt_B\">La Federaci\u00f3n de Comercio de Burgos no vende, alquila ni pone a disposici\u00f3n de terceras personas los datos personales proporcionados por los visitantes del website.<\/p>\n<p class=\"arial_gris_tex08pt_B\">Por datos personales se entiende el nombre, direcci\u00f3n, n\u00famero de tel\u00e9fono o fax y direcci\u00f3n de correo electr\u00f3nico del usuario.<\/p>\n<p class=\"arial_gris_tex08pt_B\">Esta informaci\u00f3n no ser\u00e1 utilizada para acciones de marketing directo, a menos que le hayamos informado con antelaci\u00f3n de esta posibilidad y que nos haya dado permiso expreso en el momento de proporcionar dichos datos.<\/p>\n<p class=\"arial_gris_tex08pt_B\">La Federaci\u00f3n de Comercio de Burgos podr\u00e1 hacer uso de esta informaci\u00f3n para: env\u00edo de publicaciones u otro tipo de correspondencia; env\u00edo de mensajes v\u00eda e-mail.<\/p>\n<p class=\"arial_gris_tex08pt_B\">La Federaci\u00f3n de Comercio de Burgos utiliza la informaci\u00f3n estad\u00edstica no personal (tipo de navegador, localizaci\u00f3n geogr\u00e1fica, edad, sexo) para la mejora de nuestra web.<\/p>\n<p class=\"arial_gris_tex08pt_B\">Esta informaci\u00f3n no ser\u00e1 revelada a terceros.<\/p>\n<p class=\"arial_gris_tex08pt_B\">Esta pol\u00edtica puede ser regularmente modificada. En cumplimiento con la Ley Org\u00e1nica 15\/1999 de 13 de diciembre, de Protecci\u00f3n de Datos de car\u00e1cter personal (en adelante LOPD). Toda persona que rellene formularios tendr\u00e1 derecho a:<\/p>\n<p class=\"arial_gris_tex08pt_B\">Ser informada de cu\u00e1les son los objetivos perseguidos con la constituci\u00f3n de dicha base de datos.\u00a0<br \/>Negarse a que sus datos sean incluidos en la base de datos automatizada.\u00a0<br \/>Poder acceder en todo momento a los datos por ellos suministrados.\u00a0<br \/>Poder rectificar y\/o cancelar total o parcialmente los datos por ellos suministrados.\u00a0<br \/>La Federaci\u00f3n de Comercio de Burgos no ceder\u00e1 bajo ning\u00fan concepto estos datos a terceras empresas, pero en caso de plantearse la necesidad y siempre en el \u00e1mbito de su actividad , se pedir\u00eda, de acuerdo con el art\u00edculo de la LOPD, expresamente a todas y cada una de las personas implicadas, su autorizaci\u00f3n, y en el caso de no obtenerse \u00e9sta, los datos no ser\u00e1n jam\u00e1s cedidos.<\/p>\n<p class=\"arial_gris_tex08pt_B\"><br \/><strong><span class=\"arial_corporativo_tex08pt_B\" style=\"color: #c41111;\">Nota Legal<\/span><\/strong><\/p>\n<p class=\"arial_gris_tex08pt_B\">Todo material, marcas registradas u otras propiedades intelectuales de este website son propiedad de La Federaci\u00f3n de Comercio de Burgos o de sus compa\u00f1\u00edas afiliadas, y est\u00e1n protegidas por los derechos de autor.<\/p>\n<p class=\"arial_gris_tex08pt_B\">Queda prohibida cualquier modificaci\u00f3n, copia, alquiler, pr\u00e9stamo, trasmisi\u00f3n y difusi\u00f3n no autorizada. El material de este website no puede ser vendido ni distribuido de otra forma con \u00e1nimo de lucro.<\/p>\n<p class=\"arial_gris_tex08pt_B\">Los links existentes en los sites de La Federaci\u00f3n de Comercio de Burgos pueden llevarle fuera de la red de La Federaci\u00f3n de Comercio de Burgos. Queda fuera de nuestra responsabilidad el contenido, exactitud u objetivo de otros websites; los links son suministrados La Federaci\u00f3n de Comercio de Burgos, de buena fe y no se nos puede responsabilizar de los Eventsuales cambios en los sites con los que establecemos un link.<\/p>\n<p class=\"arial_gris_tex08pt_B\">Ni La Federaci\u00f3n de Comercio de Burgos, ni ninguna de sus sociedades vinculadas, ni ninguna otra parte implicada en la creaci\u00f3n, producci\u00f3n o suministro de este website ser\u00e1n responsables de da\u00f1os, costos, p\u00e9rdidas o responsabilidades directas, imprevistos, indirectos o punitivos que puedan producirse por el acceso o uso de este web.<\/p>\n<p class=\"arial_gris_tex08pt_B\">Todo el contenido es facilitado tal cual es. Ni La Federaci\u00f3n de Comercio de Burgos, ni ninguna de sus sociedades vinculadas garantizan la exactitud del material contenido en este site, ni que se ajuste a cualquier uso personal. Adem\u00e1s La Federaci\u00f3n de Comercio de Burgos no ser\u00e1 responsable de los da\u00f1os o de los virus que puedan infectar a su ordenador u otra propiedad suya debido al uso o acceso-telecarga de cualquier material de la web. Es posible que algunas jurisdicciones no permitan ciertas limitaciones de garant\u00edas y da\u00f1os, por lo que algunas de las antes citadas exclusiones pueden no ser de aplicaci\u00f3n en su totalidad para ustedes.<\/p>\n<p class=\"arial_corporativo_tex08pt_B\"><span style=\"color: #c41111;\">Copyright \u00a9 2010. Federaci\u00f3n de Comercio de Burgos.<\/span><br \/><span style=\"color: #c41111;\">Todos los derechos Reservados<\/span>.<\/p>\t\t\t\t\t\t\t\t<\/div>\n\t\t\t\t<\/div>\n\t\t\t\t\t<\/div>\n\t\t<\/div>\n\t\t\t\t\t<\/div>\n\t\t<\/section>\n\t\t\t\t<section class=\"elementor-section elementor-top-section elementor-element elementor-element-cc15efb elementor-section-stretched elementor-section-boxed elementor-section-height-default elementor-section-height-default\" data-id=\"cc15efb\" data-element_type=\"section\" data-settings=\"{&quot;stretch_section&quot;:&quot;section-stretched&quot;}\">\n\t\t\t\t\t\t<div class=\"elementor-container elementor-column-gap-default\">\n\t\t\t\t\t<div class=\"elementor-column elementor-col-33 elementor-top-column elementor-element elementor-element-7eca0d5\" data-id=\"7eca0d5\" data-element_type=\"column\">\n\t\t\t<div class=\"elementor-widget-wrap elementor-element-populated\">\n\t\t\t\t\t\t<div class=\"elementor-element elementor-element-99cea25 elementor-widget-divider--view-line elementor-widget elementor-widget-divider\" data-id=\"99cea25\" data-element_type=\"widget\" data-widget_type=\"divider.default\">\n\t\t\t\t<div class=\"elementor-widget-container\">\n\t\t\t\t\t\t\t<div class=\"elementor-divider\">\n\t\t\t<span class=\"elementor-divider-separator\">\n\t\t\t\t\t\t<\/span>\n\t\t<\/div>\n\t\t\t\t\t\t<\/div>\n\t\t\t\t<\/div>\n\t\t\t\t<div class=\"elementor-element elementor-element-d0669a6 elementor-widget elementor-widget-text-editor\" data-id=\"d0669a6\" data-element_type=\"widget\" data-widget_type=\"text-editor.default\">\n\t\t\t\t<div class=\"elementor-widget-container\">\n\t\t\t\t\t\t\t\t\t<p>Avda. de Castilla y Le\u00f3n, 22<br \/>c.c. Camino de la Plata<br \/>09006 Burgos<br \/>Tel. 947 237 699<\/p>\t\t\t\t\t\t\t\t<\/div>\n\t\t\t\t<\/div>\n\t\t\t\t\t<\/div>\n\t\t<\/div>\n\t\t\t\t<div class=\"elementor-column elementor-col-66 elementor-top-column elementor-element elementor-element-1a3566a\" data-id=\"1a3566a\" data-element_type=\"column\" data-settings=\"{&quot;background_background&quot;:&quot;classic&quot;}\">\n\t\t\t<div class=\"elementor-widget-wrap elementor-element-populated\">\n\t\t\t\t\t\t<div class=\"elementor-element elementor-element-dd16b02 elementor-widget-divider--view-line elementor-widget elementor-widget-divider\" data-id=\"dd16b02\" data-element_type=\"widget\" data-widget_type=\"divider.default\">\n\t\t\t\t<div class=\"elementor-widget-container\">\n\t\t\t\t\t\t\t<div class=\"elementor-divider\">\n\t\t\t<span class=\"elementor-divider-separator\">\n\t\t\t\t\t\t<\/span>\n\t\t<\/div>\n\t\t\t\t\t\t<\/div>\n\t\t\t\t<\/div>\n\t\t\t\t<div class=\"elementor-element elementor-element-6c507b5 elementor-widget elementor-widget-text-editor\" data-id=\"6c507b5\" data-element_type=\"widget\" data-widget_type=\"text-editor.default\">\n\t\t\t\t<div class=\"elementor-widget-container\">\n\t\t\t\t\t\t\t\t\t<p style=\"text-align: right;\"><span class=\"arial_gris_tex08pt_B\" style=\"color: #000000;\">i3com<\/span><span class=\"arial_grisclaro_tex08pt_B\"> Centro de Investigaci\u00f3n, Innovaci\u00f3n e Informaci\u00f3n Comercial \u00a9 2010 | \u00a0|\u00a0<a href=\"http:\/\/fundacioncomercio.es\/i3com\/index.php\/privacy-policy\" target=\"_blank\" rel=\"noopener\">aviso legal<\/a> |<\/span><\/p>\t\t\t\t\t\t\t\t<\/div>\n\t\t\t\t<\/div>\n\t\t\t\t<div class=\"elementor-element elementor-element-440cd10 elementor-widget elementor-widget-image-gallery\" data-id=\"440cd10\" data-element_type=\"widget\" data-widget_type=\"image-gallery.default\">\n\t\t\t\t<div class=\"elementor-widget-container\">\n\t\t\t\t\t\t\t<div class=\"elementor-image-gallery\">\n\t\t\t<div id='gallery-1' class='gallery galleryid-3 gallery-columns-6 gallery-size-wellington-thumbnail-small'><figure class='gallery-item'>\n\t\t\t<div class='gallery-icon portrait'>\n\t\t\t\t<a data-elementor-open-lightbox=\"yes\" data-elementor-lightbox-slideshow=\"440cd10\" data-elementor-lightbox-title=\"Cosa 3\" data-e-action-hash=\"#elementor-action%3Aaction%3Dlightbox%26settings%3DeyJpZCI6MTk2LCJ1cmwiOiJodHRwczpcL1wvZnVuZGFjaW9uY29tZXJjaW8uZXNcL2kzY29tXC93cC1jb250ZW50XC91cGxvYWRzXC8yMDE5XC8wNVwvQ29zYS0zLnBuZyIsInNsaWRlc2hvdyI6IjQ0MGNkMTAifQ%3D%3D\" href='https:\/\/fundacioncomercio.es\/i3com\/wp-content\/uploads\/2019\/05\/Cosa-3.png'><img decoding=\"async\" width=\"120\" height=\"80\" src=\"https:\/\/fundacioncomercio.es\/i3com\/wp-content\/uploads\/2019\/05\/Cosa-3-120x80.png\" class=\"attachment-wellington-thumbnail-small size-wellington-thumbnail-small\" alt=\"\" \/><\/a>\n\t\t\t<\/div><\/figure><figure class='gallery-item'>\n\t\t\t<div class='gallery-icon portrait'>\n\t\t\t\t<a data-elementor-open-lightbox=\"yes\" data-elementor-lightbox-slideshow=\"440cd10\" data-elementor-lightbox-title=\"Cosa 2\" data-e-action-hash=\"#elementor-action%3Aaction%3Dlightbox%26settings%3DeyJpZCI6MTk1LCJ1cmwiOiJodHRwczpcL1wvZnVuZGFjaW9uY29tZXJjaW8uZXNcL2kzY29tXC93cC1jb250ZW50XC91cGxvYWRzXC8yMDE5XC8wNVwvQ29zYS0yLnBuZyIsInNsaWRlc2hvdyI6IjQ0MGNkMTAifQ%3D%3D\" href='https:\/\/fundacioncomercio.es\/i3com\/wp-content\/uploads\/2019\/05\/Cosa-2.png'><img decoding=\"async\" width=\"120\" height=\"80\" src=\"https:\/\/fundacioncomercio.es\/i3com\/wp-content\/uploads\/2019\/05\/Cosa-2-120x80.png\" class=\"attachment-wellington-thumbnail-small size-wellington-thumbnail-small\" alt=\"\" \/><\/a>\n\t\t\t<\/div><\/figure><figure class='gallery-item'>\n\t\t\t<div class='gallery-icon portrait'>\n\t\t\t\t<a data-elementor-open-lightbox=\"yes\" data-elementor-lightbox-slideshow=\"440cd10\" data-elementor-lightbox-title=\"Cosa 1\" data-e-action-hash=\"#elementor-action%3Aaction%3Dlightbox%26settings%3DeyJpZCI6MTk0LCJ1cmwiOiJodHRwczpcL1wvZnVuZGFjaW9uY29tZXJjaW8uZXNcL2kzY29tXC93cC1jb250ZW50XC91cGxvYWRzXC8yMDE5XC8wNVwvQ29zYS0xLnBuZyIsInNsaWRlc2hvdyI6IjQ0MGNkMTAifQ%3D%3D\" href='https:\/\/fundacioncomercio.es\/i3com\/wp-content\/uploads\/2019\/05\/Cosa-1.png'><img decoding=\"async\" width=\"120\" height=\"80\" src=\"https:\/\/fundacioncomercio.es\/i3com\/wp-content\/uploads\/2019\/05\/Cosa-1-120x80.png\" class=\"attachment-wellington-thumbnail-small size-wellington-thumbnail-small\" alt=\"\" \/><\/a>\n\t\t\t<\/div><\/figure>\n\t\t<\/div>\n\t\t<\/div>\n\t\t\t\t\t\t<\/div>\n\t\t\t\t<\/div>\n\t\t\t\t\t<\/div>\n\t\t<\/div>\n\t\t\t\t\t<\/div>\n\t\t<\/section>\n\t\t\t\t<\/div>\n\t\t","protected":false},"excerpt":{"rendered":"<p>Aviso legal i3com De acuerdo a lo establecido en la Ley Org\u00e1nica 15\/1999 de 13 de diciembre, de Protecci\u00f3n de<\/p>\n","protected":false},"author":1,"featured_media":0,"parent":0,"menu_order":0,"comment_status":"closed","ping_status":"open","template":"","meta":{"footnotes":""},"yoast_head":"<!-- This site is optimized with the Yoast SEO plugin v24.5 - https:\/\/yoast.com\/wordpress\/plugins\/seo\/ -->\r\n<title>Aviso legal - i3com<\/title>\r\n<meta name=\"robots\" content=\"index, follow, max-snippet:-1, max-image-preview:large, max-video-preview:-1\" \/>\r\n<link rel=\"canonical\" href=\"https:\/\/fundacioncomercio.es\/i3com\/index.php\/privacy-policy\" \/>\r\n<meta property=\"og:locale\" content=\"es_ES\" \/>\r\n<meta property=\"og:type\" content=\"article\" \/>\r\n<meta property=\"og:title\" content=\"Aviso legal - i3com\" \/>\r\n<meta property=\"og:description\" content=\"Aviso legal i3com De acuerdo a lo establecido en la Ley Org\u00e1nica 15\/1999 de 13 de diciembre, de Protecci\u00f3n de\" \/>\r\n<meta property=\"og:url\" content=\"https:\/\/fundacioncomercio.es\/i3com\/index.php\/privacy-policy\" \/>\r\n<meta property=\"og:site_name\" content=\"i3com\" \/>\r\n<meta property=\"article:modified_time\" content=\"2021-05-04T16:27:09+00:00\" \/>\r\n<meta property=\"og:image\" content=\"http:\/\/fundacioncomercio.es\/i3com\/wp-content\/uploads\/2019\/05\/Cosa-3-120x80.png\" \/>\r\n<meta name=\"twitter:card\" content=\"summary_large_image\" \/>\r\n<meta name=\"twitter:label1\" content=\"Tiempo de lectura\" \/>\n\t<meta name=\"twitter:data1\" content=\"7 minutos\" \/>\r\n<script type=\"application\/ld+json\" class=\"yoast-schema-graph\">{\"@context\":\"https:\/\/schema.org\",\"@graph\":[{\"@type\":\"WebPage\",\"@id\":\"https:\/\/fundacioncomercio.es\/i3com\/index.php\/privacy-policy\",\"url\":\"https:\/\/fundacioncomercio.es\/i3com\/index.php\/privacy-policy\",\"name\":\"Aviso legal - i3com\",\"isPartOf\":{\"@id\":\"https:\/\/fundacioncomercio.es\/i3com\/#website\"},\"primaryImageOfPage\":{\"@id\":\"https:\/\/fundacioncomercio.es\/i3com\/index.php\/privacy-policy#primaryimage\"},\"image\":{\"@id\":\"https:\/\/fundacioncomercio.es\/i3com\/index.php\/privacy-policy#primaryimage\"},\"thumbnailUrl\":\"http:\/\/fundacioncomercio.es\/i3com\/wp-content\/uploads\/2019\/05\/Cosa-3-120x80.png\",\"datePublished\":\"2019-05-21T15:48:52+00:00\",\"dateModified\":\"2021-05-04T16:27:09+00:00\",\"breadcrumb\":{\"@id\":\"https:\/\/fundacioncomercio.es\/i3com\/index.php\/privacy-policy#breadcrumb\"},\"inLanguage\":\"es\",\"potentialAction\":[{\"@type\":\"ReadAction\",\"target\":[\"https:\/\/fundacioncomercio.es\/i3com\/index.php\/privacy-policy\"]}]},{\"@type\":\"ImageObject\",\"inLanguage\":\"es\",\"@id\":\"https:\/\/fundacioncomercio.es\/i3com\/index.php\/privacy-policy#primaryimage\",\"url\":\"http:\/\/fundacioncomercio.es\/i3com\/wp-content\/uploads\/2019\/05\/Cosa-3-120x80.png\",\"contentUrl\":\"http:\/\/fundacioncomercio.es\/i3com\/wp-content\/uploads\/2019\/05\/Cosa-3-120x80.png\"},{\"@type\":\"BreadcrumbList\",\"@id\":\"https:\/\/fundacioncomercio.es\/i3com\/index.php\/privacy-policy#breadcrumb\",\"itemListElement\":[{\"@type\":\"ListItem\",\"position\":1,\"name\":\"Portada\",\"item\":\"https:\/\/fundacioncomercio.es\/i3com\"},{\"@type\":\"ListItem\",\"position\":2,\"name\":\"Aviso legal\"}]},{\"@type\":\"WebSite\",\"@id\":\"https:\/\/fundacioncomercio.es\/i3com\/#website\",\"url\":\"https:\/\/fundacioncomercio.es\/i3com\/\",\"name\":\"i3com\",\"description\":\"\",\"publisher\":{\"@id\":\"https:\/\/fundacioncomercio.es\/i3com\/#organization\"},\"potentialAction\":[{\"@type\":\"SearchAction\",\"target\":{\"@type\":\"EntryPoint\",\"urlTemplate\":\"https:\/\/fundacioncomercio.es\/i3com\/?s={search_term_string}\"},\"query-input\":{\"@type\":\"PropertyValueSpecification\",\"valueRequired\":true,\"valueName\":\"search_term_string\"}}],\"inLanguage\":\"es\"},{\"@type\":\"Organization\",\"@id\":\"https:\/\/fundacioncomercio.es\/i3com\/#organization\",\"name\":\"i3com\",\"url\":\"https:\/\/fundacioncomercio.es\/i3com\/\",\"logo\":{\"@type\":\"ImageObject\",\"inLanguage\":\"es\",\"@id\":\"https:\/\/fundacioncomercio.es\/i3com\/#\/schema\/logo\/image\/\",\"url\":\"https:\/\/fundacioncomercio.es\/i3com\/wp-content\/uploads\/2019\/05\/cropped-logoi3paraWp-1.png\",\"contentUrl\":\"https:\/\/fundacioncomercio.es\/i3com\/wp-content\/uploads\/2019\/05\/cropped-logoi3paraWp-1.png\",\"width\":8510,\"height\":1169,\"caption\":\"i3com\"},\"image\":{\"@id\":\"https:\/\/fundacioncomercio.es\/i3com\/#\/schema\/logo\/image\/\"}}]}<\/script>\r\n<!-- \/ Yoast SEO plugin. -->","yoast_head_json":{"title":"Aviso legal - i3com","robots":{"index":"index","follow":"follow","max-snippet":"max-snippet:-1","max-image-preview":"max-image-preview:large","max-video-preview":"max-video-preview:-1"},"canonical":"https:\/\/fundacioncomercio.es\/i3com\/index.php\/privacy-policy","og_locale":"es_ES","og_type":"article","og_title":"Aviso legal - i3com","og_description":"Aviso legal i3com De acuerdo a lo establecido en la Ley Org\u00e1nica 15\/1999 de 13 de diciembre, de Protecci\u00f3n de","og_url":"https:\/\/fundacioncomercio.es\/i3com\/index.php\/privacy-policy","og_site_name":"i3com","article_modified_time":"2021-05-04T16:27:09+00:00","og_image":[{"url":"http:\/\/fundacioncomercio.es\/i3com\/wp-content\/uploads\/2019\/05\/Cosa-3-120x80.png","type":"","width":"","height":""}],"twitter_card":"summary_large_image","twitter_misc":{"Tiempo de lectura":"7 minutos"},"schema":{"@context":"https:\/\/schema.org","@graph":[{"@type":"WebPage","@id":"https:\/\/fundacioncomercio.es\/i3com\/index.php\/privacy-policy","url":"https:\/\/fundacioncomercio.es\/i3com\/index.php\/privacy-policy","name":"Aviso legal - i3com","isPartOf":{"@id":"https:\/\/fundacioncomercio.es\/i3com\/#website"},"primaryImageOfPage":{"@id":"https:\/\/fundacioncomercio.es\/i3com\/index.php\/privacy-policy#primaryimage"},"image":{"@id":"https:\/\/fundacioncomercio.es\/i3com\/index.php\/privacy-policy#primaryimage"},"thumbnailUrl":"http:\/\/fundacioncomercio.es\/i3com\/wp-content\/uploads\/2019\/05\/Cosa-3-120x80.png","datePublished":"2019-05-21T15:48:52+00:00","dateModified":"2021-05-04T16:27:09+00:00","breadcrumb":{"@id":"https:\/\/fundacioncomercio.es\/i3com\/index.php\/privacy-policy#breadcrumb"},"inLanguage":"es","potentialAction":[{"@type":"ReadAction","target":["https:\/\/fundacioncomercio.es\/i3com\/index.php\/privacy-policy"]}]},{"@type":"ImageObject","inLanguage":"es","@id":"https:\/\/fundacioncomercio.es\/i3com\/index.php\/privacy-policy#primaryimage","url":"http:\/\/fundacioncomercio.es\/i3com\/wp-content\/uploads\/2019\/05\/Cosa-3-120x80.png","contentUrl":"http:\/\/fundacioncomercio.es\/i3com\/wp-content\/uploads\/2019\/05\/Cosa-3-120x80.png"},{"@type":"BreadcrumbList","@id":"https:\/\/fundacioncomercio.es\/i3com\/index.php\/privacy-policy#breadcrumb","itemListElement":[{"@type":"ListItem","position":1,"name":"Portada","item":"https:\/\/fundacioncomercio.es\/i3com"},{"@type":"ListItem","position":2,"name":"Aviso legal"}]},{"@type":"WebSite","@id":"https:\/\/fundacioncomercio.es\/i3com\/#website","url":"https:\/\/fundacioncomercio.es\/i3com\/","name":"i3com","description":"","publisher":{"@id":"https:\/\/fundacioncomercio.es\/i3com\/#organization"},"potentialAction":[{"@type":"SearchAction","target":{"@type":"EntryPoint","urlTemplate":"https:\/\/fundacioncomercio.es\/i3com\/?s={search_term_string}"},"query-input":{"@type":"PropertyValueSpecification","valueRequired":true,"valueName":"search_term_string"}}],"inLanguage":"es"},{"@type":"Organization","@id":"https:\/\/fundacioncomercio.es\/i3com\/#organization","name":"i3com","url":"https:\/\/fundacioncomercio.es\/i3com\/","logo":{"@type":"ImageObject","inLanguage":"es","@id":"https:\/\/fundacioncomercio.es\/i3com\/#\/schema\/logo\/image\/","url":"https:\/\/fundacioncomercio.es\/i3com\/wp-content\/uploads\/2019\/05\/cropped-logoi3paraWp-1.png","contentUrl":"https:\/\/fundacioncomercio.es\/i3com\/wp-content\/uploads\/2019\/05\/cropped-logoi3paraWp-1.png","width":8510,"height":1169,"caption":"i3com"},"image":{"@id":"https:\/\/fundacioncomercio.es\/i3com\/#\/schema\/logo\/image\/"}}]}},"_links":{"self":[{"href":"https:\/\/fundacioncomercio.es\/i3com\/index.php\/wp-json\/wp\/v2\/pages\/3"}],"collection":[{"href":"https:\/\/fundacioncomercio.es\/i3com\/index.php\/wp-json\/wp\/v2\/pages"}],"about":[{"href":"https:\/\/fundacioncomercio.es\/i3com\/index.php\/wp-json\/wp\/v2\/types\/page"}],"author":[{"embeddable":true,"href":"https:\/\/fundacioncomercio.es\/i3com\/index.php\/wp-json\/wp\/v2\/users\/1"}],"replies":[{"embeddable":true,"href":"https:\/\/fundacioncomercio.es\/i3com\/index.php\/wp-json\/wp\/v2\/comments?post=3"}],"version-history":[{"count":11,"href":"https:\/\/fundacioncomercio.es\/i3com\/index.php\/wp-json\/wp\/v2\/pages\/3\/revisions"}],"predecessor-version":[{"id":208,"href":"https:\/\/fundacioncomercio.es\/i3com\/index.php\/wp-json\/wp\/v2\/pages\/3\/revisions\/208"}],"wp:attachment":[{"href":"https:\/\/fundacioncomercio.es\/i3com\/index.php\/wp-json\/wp\/v2\/media?parent=3"}],"curies":[{"name":"wp","href":"https:\/\/api.w.org\/{rel}","templated":true}]}}