{"id":30,"date":"2019-05-22T09:56:25","date_gmt":"2019-05-22T09:56:25","guid":{"rendered":"http:\/\/fundacioncomercio.es\/i3com\/?page_id=30"},"modified":"2021-05-04T16:29:22","modified_gmt":"2021-05-04T16:29:22","slug":"presentacion","status":"publish","type":"page","link":"https:\/\/fundacioncomercio.es\/i3com\/index.php\/presentacion","title":{"rendered":"Presentaci\u00f3n"},"content":{"rendered":"\t\t<div data-elementor-type=\"wp-post\" data-elementor-id=\"30\" class=\"elementor elementor-30\">\n\t\t\t\t\t\t<section class=\"elementor-section elementor-top-section elementor-element elementor-element-82bf965 elementor-section-boxed elementor-section-height-default elementor-section-height-default\" data-id=\"82bf965\" data-element_type=\"section\">\n\t\t\t\t\t\t<div class=\"elementor-container elementor-column-gap-default\">\n\t\t\t\t\t<div class=\"elementor-column elementor-col-100 elementor-top-column elementor-element elementor-element-e90aa1e\" data-id=\"e90aa1e\" data-element_type=\"column\">\n\t\t\t<div class=\"elementor-widget-wrap elementor-element-populated\">\n\t\t\t\t\t\t<div class=\"elementor-element elementor-element-d4db6b7 elementor-widget elementor-widget-text-editor\" data-id=\"d4db6b7\" data-element_type=\"widget\" data-widget_type=\"text-editor.default\">\n\t\t\t\t<div class=\"elementor-widget-container\">\n\t\t\t\t\t\t\t\t\t<h2><span style=\"color: #c41111;\"><strong>i3com<\/strong><\/span><\/h2><p><span class=\"arial_gris_tex09pt\">El Centro de Innovaci\u00f3n Comercial\u00a0<\/span><span style=\"color: #c41111;\"><strong><span class=\"arial_corporativo_tex09pt_B\">i3com<\/span><\/strong><\/span><span class=\"arial_gris_tex09pt\">, es un espacio de encuentro entre profesionales vinculados a la distribuci\u00f3n comercial que desean formar parte de un proyecto cuyo objetivo es la mejora de la competitividad de las empresas del comercio a trav\u00e9s de la innovaci\u00f3n y de la mejora continua.<\/span><\/p><p><span class=\"arial_gris_tex09pt\"><span style=\"color: #c41111;\"><strong><span class=\"arial_corporativo_tex09pt_B\">i3com<\/span><\/strong><\/span>\u00a0es un\u00a0<\/span><strong><span class=\"arial_gris_tex09pt_B\">Centro de Referencia TIC<\/span><\/strong><span class=\"arial_gris_tex09pt\">\u00a0reconocido por la Junta de Castilla y Le\u00f3n, y a nivel estatal\u00a0<span style=\"color: #c41111;\"><strong><span class=\"arial_corporativo_tex09pt_B\">i3com<\/span><\/strong><\/span>\u00a0es un espacio pionero en la investigaci\u00f3n comercial y su misi\u00f3n es imaginar, dise\u00f1ar y crear soluciones tecnol\u00f3gicas en un entorno que permite interactuar con equipos multidisciplinares.<\/span>\u00a0<span class=\"arial_gris_tex09pt\">El centro surge como iniciativa de la Federaci\u00f3n de Empresarios de Comercio de Burgos, que a su vez crea una sociedad, el Instituto de Estructuras Comerciales\u00a0<\/span><span style=\"color: #292b9e;\"><strong><span class=\"arial_azul_claro_tex09pt_B\">iecom<\/span><\/strong><\/span><span class=\"arial_gris_tex09pt\">\u00a0quien gestiona la actividad de\u00a0<span style=\"color: #c41111;\"><strong><span class=\"arial_corporativo_tex09pt_B\">i3com<\/span><\/strong>.<\/span><\/span><\/p><p><span class=\"arial_gris_tex09pt\">La fortaleza del centro reside en su estructura. Son las empresas privadas y profesionales independientes quienes desarrollan los proyectos llevados a cabo en este espacio, apoyados por el conocimiento y el capital relacional que ha ido atesorando la Federaci\u00f3n de Empresarios de Comercio de Burgos en sus m\u00e1s de 30 a\u00f1os de trayectoria en este sector. El Centro cuenta con tres \u00e1reas diferenciadas de trabajo:<\/span><\/p><ul><li class=\"arial_corporativo_tex09pt_B\"><span style=\"text-decoration: underline;\"><a href=\"http:\/\/fundacioncomercio.es\/i3com\/index.php\/area-de-transferencia-tecnologica\">\u00c1REA DE TRANSFERENCIA TECNOL\u00d3GICA<\/a><\/span><\/li><\/ul><ul><li class=\"arial_corporativo_tex09pt_B\"><span style=\"text-decoration: underline;\"><a href=\"http:\/\/fundacioncomercio.es\/i3com\/index.php\/area-interactiva\">\u00c1REA INTERACTIVA<\/a><\/span><\/li><\/ul><ul><li class=\"arial_corporativo_tex09pt_B\"><span style=\"text-decoration: underline;\"><a href=\"http:\/\/fundacioncomercio.es\/i3com\/index.php\/area-de-comunicacion-y-cooperacion0\">\u00c1REA DE COMUNICACI\u00d3N Y COOPERACI\u00d3N<\/a><\/span><\/li><\/ul><p><span class=\"arial_gris_tex09pt\">Todo ello persiguiendo la misma meta: materializar la innovaci\u00f3n en la creaci\u00f3n de herramientas de utilidad para los agentes que acudan en b\u00fasqueda de soluciones concretas; sensibilizar la cultura de innovaci\u00f3n de las PYMEs, fomentar la colaboraci\u00f3n p\u00fablica-privada y realizar una apuesta definitiva por las Nuevas Tecnolog\u00edas.<\/span><\/p>\t\t\t\t\t\t\t\t<\/div>\n\t\t\t\t<\/div>\n\t\t\t\t<div class=\"elementor-element elementor-element-e52914c elementor-widget elementor-widget-spacer\" data-id=\"e52914c\" data-element_type=\"widget\" data-widget_type=\"spacer.default\">\n\t\t\t\t<div class=\"elementor-widget-container\">\n\t\t\t\t\t\t\t<div class=\"elementor-spacer\">\n\t\t\t<div class=\"elementor-spacer-inner\"><\/div>\n\t\t<\/div>\n\t\t\t\t\t\t<\/div>\n\t\t\t\t<\/div>\n\t\t\t\t\t<\/div>\n\t\t<\/div>\n\t\t\t\t\t<\/div>\n\t\t<\/section>\n\t\t\t\t<section class=\"elementor-section elementor-top-section elementor-element elementor-element-e87c886 elementor-section-stretched elementor-section-boxed elementor-section-height-default elementor-section-height-default\" data-id=\"e87c886\" data-element_type=\"section\" data-settings=\"{&quot;stretch_section&quot;:&quot;section-stretched&quot;}\">\n\t\t\t\t\t\t<div class=\"elementor-container elementor-column-gap-default\">\n\t\t\t\t\t<div class=\"elementor-column elementor-col-33 elementor-top-column elementor-element elementor-element-899282b\" data-id=\"899282b\" data-element_type=\"column\">\n\t\t\t<div class=\"elementor-widget-wrap elementor-element-populated\">\n\t\t\t\t\t\t<div class=\"elementor-element elementor-element-bb5d39b elementor-widget-divider--view-line elementor-widget elementor-widget-divider\" data-id=\"bb5d39b\" data-element_type=\"widget\" data-widget_type=\"divider.default\">\n\t\t\t\t<div class=\"elementor-widget-container\">\n\t\t\t\t\t\t\t<div class=\"elementor-divider\">\n\t\t\t<span class=\"elementor-divider-separator\">\n\t\t\t\t\t\t<\/span>\n\t\t<\/div>\n\t\t\t\t\t\t<\/div>\n\t\t\t\t<\/div>\n\t\t\t\t<div class=\"elementor-element elementor-element-3bee8c1 elementor-widget elementor-widget-text-editor\" data-id=\"3bee8c1\" data-element_type=\"widget\" data-widget_type=\"text-editor.default\">\n\t\t\t\t<div class=\"elementor-widget-container\">\n\t\t\t\t\t\t\t\t\t<p>Avda. de Castilla y Le\u00f3n, 22<br \/>c.c. Camino de la Plata<br \/>09006 Burgos<br \/>Tel. 947 237 699<\/p>\t\t\t\t\t\t\t\t<\/div>\n\t\t\t\t<\/div>\n\t\t\t\t\t<\/div>\n\t\t<\/div>\n\t\t\t\t<div class=\"elementor-column elementor-col-66 elementor-top-column elementor-element elementor-element-4fbcb59\" data-id=\"4fbcb59\" data-element_type=\"column\" data-settings=\"{&quot;background_background&quot;:&quot;classic&quot;}\">\n\t\t\t<div class=\"elementor-widget-wrap elementor-element-populated\">\n\t\t\t\t\t\t<div class=\"elementor-element elementor-element-399fd69 elementor-widget-divider--view-line elementor-widget elementor-widget-divider\" data-id=\"399fd69\" data-element_type=\"widget\" data-widget_type=\"divider.default\">\n\t\t\t\t<div class=\"elementor-widget-container\">\n\t\t\t\t\t\t\t<div class=\"elementor-divider\">\n\t\t\t<span class=\"elementor-divider-separator\">\n\t\t\t\t\t\t<\/span>\n\t\t<\/div>\n\t\t\t\t\t\t<\/div>\n\t\t\t\t<\/div>\n\t\t\t\t<div class=\"elementor-element elementor-element-faeef11 elementor-widget elementor-widget-text-editor\" data-id=\"faeef11\" data-element_type=\"widget\" data-widget_type=\"text-editor.default\">\n\t\t\t\t<div class=\"elementor-widget-container\">\n\t\t\t\t\t\t\t\t\t<p style=\"text-align: right;\"><span class=\"arial_gris_tex08pt_B\" style=\"color: #000000;\">i3com<\/span><span class=\"arial_grisclaro_tex08pt_B\"> Centro de Investigaci\u00f3n, Innovaci\u00f3n e Informaci\u00f3n Comercial \u00a9 2010 | \u00a0|\u00a0<a href=\"http:\/\/fundacioncomercio.es\/i3com\/index.php\/privacy-policy\" target=\"_blank\" rel=\"noopener\">aviso legal<\/a> |<\/span><\/p>\t\t\t\t\t\t\t\t<\/div>\n\t\t\t\t<\/div>\n\t\t\t\t\t<\/div>\n\t\t<\/div>\n\t\t\t\t\t<\/div>\n\t\t<\/section>\n\t\t\t\t<\/div>\n\t\t","protected":false},"excerpt":{"rendered":"<p>i3com El Centro de Innovaci\u00f3n Comercial\u00a0i3com, es un espacio de encuentro entre profesionales vinculados a la distribuci\u00f3n comercial que desean<\/p>\n","protected":false},"author":1,"featured_media":0,"parent":0,"menu_order":0,"comment_status":"closed","ping_status":"closed","template":"","meta":{"footnotes":""},"yoast_head":"<!-- This site is optimized with the Yoast SEO plugin v24.5 - https:\/\/yoast.com\/wordpress\/plugins\/seo\/ -->\r\n<title>Presentaci\u00f3n - i3com<\/title>\r\n<meta name=\"robots\" content=\"index, follow, max-snippet:-1, max-image-preview:large, max-video-preview:-1\" \/>\r\n<link rel=\"canonical\" href=\"https:\/\/fundacioncomercio.es\/i3com\/index.php\/presentacion\" \/>\r\n<meta property=\"og:locale\" content=\"es_ES\" \/>\r\n<meta property=\"og:type\" content=\"article\" \/>\r\n<meta property=\"og:title\" content=\"Presentaci\u00f3n - i3com\" \/>\r\n<meta property=\"og:description\" content=\"i3com El Centro de Innovaci\u00f3n Comercial\u00a0i3com, es un espacio de encuentro entre profesionales vinculados a la distribuci\u00f3n comercial que desean\" \/>\r\n<meta property=\"og:url\" content=\"https:\/\/fundacioncomercio.es\/i3com\/index.php\/presentacion\" \/>\r\n<meta property=\"og:site_name\" content=\"i3com\" \/>\r\n<meta property=\"article:modified_time\" content=\"2021-05-04T16:29:22+00:00\" \/>\r\n<meta name=\"twitter:card\" content=\"summary_large_image\" \/>\r\n<meta name=\"twitter:label1\" content=\"Tiempo de lectura\" \/>\n\t<meta name=\"twitter:data1\" content=\"2 minutos\" \/>\r\n<script type=\"application\/ld+json\" class=\"yoast-schema-graph\">{\"@context\":\"https:\/\/schema.org\",\"@graph\":[{\"@type\":\"WebPage\",\"@id\":\"https:\/\/fundacioncomercio.es\/i3com\/index.php\/presentacion\",\"url\":\"https:\/\/fundacioncomercio.es\/i3com\/index.php\/presentacion\",\"name\":\"Presentaci\u00f3n - i3com\",\"isPartOf\":{\"@id\":\"https:\/\/fundacioncomercio.es\/i3com\/#website\"},\"datePublished\":\"2019-05-22T09:56:25+00:00\",\"dateModified\":\"2021-05-04T16:29:22+00:00\",\"breadcrumb\":{\"@id\":\"https:\/\/fundacioncomercio.es\/i3com\/index.php\/presentacion#breadcrumb\"},\"inLanguage\":\"es\",\"potentialAction\":[{\"@type\":\"ReadAction\",\"target\":[\"https:\/\/fundacioncomercio.es\/i3com\/index.php\/presentacion\"]}]},{\"@type\":\"BreadcrumbList\",\"@id\":\"https:\/\/fundacioncomercio.es\/i3com\/index.php\/presentacion#breadcrumb\",\"itemListElement\":[{\"@type\":\"ListItem\",\"position\":1,\"name\":\"Portada\",\"item\":\"https:\/\/fundacioncomercio.es\/i3com\"},{\"@type\":\"ListItem\",\"position\":2,\"name\":\"Presentaci\u00f3n\"}]},{\"@type\":\"WebSite\",\"@id\":\"https:\/\/fundacioncomercio.es\/i3com\/#website\",\"url\":\"https:\/\/fundacioncomercio.es\/i3com\/\",\"name\":\"i3com\",\"description\":\"\",\"publisher\":{\"@id\":\"https:\/\/fundacioncomercio.es\/i3com\/#organization\"},\"potentialAction\":[{\"@type\":\"SearchAction\",\"target\":{\"@type\":\"EntryPoint\",\"urlTemplate\":\"https:\/\/fundacioncomercio.es\/i3com\/?s={search_term_string}\"},\"query-input\":{\"@type\":\"PropertyValueSpecification\",\"valueRequired\":true,\"valueName\":\"search_term_string\"}}],\"inLanguage\":\"es\"},{\"@type\":\"Organization\",\"@id\":\"https:\/\/fundacioncomercio.es\/i3com\/#organization\",\"name\":\"i3com\",\"url\":\"https:\/\/fundacioncomercio.es\/i3com\/\",\"logo\":{\"@type\":\"ImageObject\",\"inLanguage\":\"es\",\"@id\":\"https:\/\/fundacioncomercio.es\/i3com\/#\/schema\/logo\/image\/\",\"url\":\"https:\/\/fundacioncomercio.es\/i3com\/wp-content\/uploads\/2019\/05\/cropped-logoi3paraWp-1.png\",\"contentUrl\":\"https:\/\/fundacioncomercio.es\/i3com\/wp-content\/uploads\/2019\/05\/cropped-logoi3paraWp-1.png\",\"width\":8510,\"height\":1169,\"caption\":\"i3com\"},\"image\":{\"@id\":\"https:\/\/fundacioncomercio.es\/i3com\/#\/schema\/logo\/image\/\"}}]}<\/script>\r\n<!-- \/ Yoast SEO plugin. -->","yoast_head_json":{"title":"Presentaci\u00f3n - i3com","robots":{"index":"index","follow":"follow","max-snippet":"max-snippet:-1","max-image-preview":"max-image-preview:large","max-video-preview":"max-video-preview:-1"},"canonical":"https:\/\/fundacioncomercio.es\/i3com\/index.php\/presentacion","og_locale":"es_ES","og_type":"article","og_title":"Presentaci\u00f3n - i3com","og_description":"i3com El Centro de Innovaci\u00f3n Comercial\u00a0i3com, es un espacio de encuentro entre profesionales vinculados a la distribuci\u00f3n comercial que desean","og_url":"https:\/\/fundacioncomercio.es\/i3com\/index.php\/presentacion","og_site_name":"i3com","article_modified_time":"2021-05-04T16:29:22+00:00","twitter_card":"summary_large_image","twitter_misc":{"Tiempo de lectura":"2 minutos"},"schema":{"@context":"https:\/\/schema.org","@graph":[{"@type":"WebPage","@id":"https:\/\/fundacioncomercio.es\/i3com\/index.php\/presentacion","url":"https:\/\/fundacioncomercio.es\/i3com\/index.php\/presentacion","name":"Presentaci\u00f3n - i3com","isPartOf":{"@id":"https:\/\/fundacioncomercio.es\/i3com\/#website"},"datePublished":"2019-05-22T09:56:25+00:00","dateModified":"2021-05-04T16:29:22+00:00","breadcrumb":{"@id":"https:\/\/fundacioncomercio.es\/i3com\/index.php\/presentacion#breadcrumb"},"inLanguage":"es","potentialAction":[{"@type":"ReadAction","target":["https:\/\/fundacioncomercio.es\/i3com\/index.php\/presentacion"]}]},{"@type":"BreadcrumbList","@id":"https:\/\/fundacioncomercio.es\/i3com\/index.php\/presentacion#breadcrumb","itemListElement":[{"@type":"ListItem","position":1,"name":"Portada","item":"https:\/\/fundacioncomercio.es\/i3com"},{"@type":"ListItem","position":2,"name":"Presentaci\u00f3n"}]},{"@type":"WebSite","@id":"https:\/\/fundacioncomercio.es\/i3com\/#website","url":"https:\/\/fundacioncomercio.es\/i3com\/","name":"i3com","description":"","publisher":{"@id":"https:\/\/fundacioncomercio.es\/i3com\/#organization"},"potentialAction":[{"@type":"SearchAction","target":{"@type":"EntryPoint","urlTemplate":"https:\/\/fundacioncomercio.es\/i3com\/?s={search_term_string}"},"query-input":{"@type":"PropertyValueSpecification","valueRequired":true,"valueName":"search_term_string"}}],"inLanguage":"es"},{"@type":"Organization","@id":"https:\/\/fundacioncomercio.es\/i3com\/#organization","name":"i3com","url":"https:\/\/fundacioncomercio.es\/i3com\/","logo":{"@type":"ImageObject","inLanguage":"es","@id":"https:\/\/fundacioncomercio.es\/i3com\/#\/schema\/logo\/image\/","url":"https:\/\/fundacioncomercio.es\/i3com\/wp-content\/uploads\/2019\/05\/cropped-logoi3paraWp-1.png","contentUrl":"https:\/\/fundacioncomercio.es\/i3com\/wp-content\/uploads\/2019\/05\/cropped-logoi3paraWp-1.png","width":8510,"height":1169,"caption":"i3com"},"image":{"@id":"https:\/\/fundacioncomercio.es\/i3com\/#\/schema\/logo\/image\/"}}]}},"_links":{"self":[{"href":"https:\/\/fundacioncomercio.es\/i3com\/index.php\/wp-json\/wp\/v2\/pages\/30"}],"collection":[{"href":"https:\/\/fundacioncomercio.es\/i3com\/index.php\/wp-json\/wp\/v2\/pages"}],"about":[{"href":"https:\/\/fundacioncomercio.es\/i3com\/index.php\/wp-json\/wp\/v2\/types\/page"}],"author":[{"embeddable":true,"href":"https:\/\/fundacioncomercio.es\/i3com\/index.php\/wp-json\/wp\/v2\/users\/1"}],"replies":[{"embeddable":true,"href":"https:\/\/fundacioncomercio.es\/i3com\/index.php\/wp-json\/wp\/v2\/comments?post=30"}],"version-history":[{"count":24,"href":"https:\/\/fundacioncomercio.es\/i3com\/index.php\/wp-json\/wp\/v2\/pages\/30\/revisions"}],"predecessor-version":[{"id":220,"href":"https:\/\/fundacioncomercio.es\/i3com\/index.php\/wp-json\/wp\/v2\/pages\/30\/revisions\/220"}],"wp:attachment":[{"href":"https:\/\/fundacioncomercio.es\/i3com\/index.php\/wp-json\/wp\/v2\/media?parent=30"}],"curies":[{"name":"wp","href":"https:\/\/api.w.org\/{rel}","templated":true}]}}